{"version":"1.0","provider_name":"Havas Prague","provider_url":"https:\/\/havas.cz\/en\/","title":"Roztrou\u0161en\u00e1 skler\u00f3za \u2013 nemoc l\u00e9\u010den\u00e1 specializovan\u00fdmi neurology v zemi - Havas Prague","type":"rich","width":600,"height":338,"html":"<blockquote class=\"wp-embedded-content\" data-secret=\"b19eazGmFV\"><a href=\"https:\/\/havas.cz\/en\/pressroom\/roztrousena-skleroza-nemoc-lecena-specializovanymi-neurology-v-zemi\/\">Roztrou\u0161en\u00e1 skler\u00f3za \u2013 nemoc l\u00e9\u010den\u00e1 specializovan\u00fdmi neurology v zemi<\/a><\/blockquote><iframe sandbox=\"allow-scripts\" security=\"restricted\" src=\"https:\/\/havas.cz\/en\/pressroom\/roztrousena-skleroza-nemoc-lecena-specializovanymi-neurology-v-zemi\/embed\/#?secret=b19eazGmFV\" width=\"600\" height=\"338\" title=\"&#8220;Roztrou\u0161en\u00e1 skler\u00f3za \u2013 nemoc l\u00e9\u010den\u00e1 specializovan\u00fdmi neurology v zemi&#8221; &#8212; Havas Prague\" data-secret=\"b19eazGmFV\" frameborder=\"0\" marginwidth=\"0\" marginheight=\"0\" scrolling=\"no\" class=\"wp-embedded-content\"><\/iframe><script type=\"text\/javascript\">\n\/* <![CDATA[ *\/\n\/*! This file is auto-generated *\/\n!function(d,l){\"use strict\";l.querySelector&&d.addEventListener&&\"undefined\"!=typeof URL&&(d.wp=d.wp||{},d.wp.receiveEmbedMessage||(d.wp.receiveEmbedMessage=function(e){var t=e.data;if((t||t.secret||t.message||t.value)&&!\/[^a-zA-Z0-9]\/.test(t.secret)){for(var s,r,n,a=l.querySelectorAll('iframe[data-secret=\"'+t.secret+'\"]'),o=l.querySelectorAll('blockquote[data-secret=\"'+t.secret+'\"]'),c=new RegExp(\"^https?:$\",\"i\"),i=0;i<o.length;i++)o[i].style.display=\"none\";for(i=0;i<a.length;i++)s=a[i],e.source===s.contentWindow&&(s.removeAttribute(\"style\"),\"height\"===t.message?(1e3<(r=parseInt(t.value,10))?r=1e3:~~r<200&&(r=200),s.height=r):\"link\"===t.message&&(r=new URL(s.getAttribute(\"src\")),n=new URL(t.value),c.test(n.protocol))&&n.host===r.host&&l.activeElement===s&&(d.top.location.href=t.value))}},d.addEventListener(\"message\",d.wp.receiveEmbedMessage,!1),l.addEventListener(\"DOMContentLoaded\",function(){for(var e,t,s=l.querySelectorAll(\"iframe.wp-embedded-content\"),r=0;r<s.length;r++)(t=(e=s[r]).getAttribute(\"data-secret\"))||(t=Math.random().toString(36).substring(2,12),e.src+=\"#?secret=\"+t,e.setAttribute(\"data-secret\",t)),e.contentWindow.postMessage({message:\"ready\",secret:t},\"*\")},!1)))}(window,document);\n\/\/# sourceURL=https:\/\/havas.cz\/wp-includes\/js\/wp-embed.min.js\n\/* ]]> *\/\n<\/script>\n","thumbnail_url":"https:\/\/havas.cz\/wp-content\/uploads\/2020\/04\/nerv1200x600-0000-poskozeny-nerv-v-centralnim-nervovem-systemu.jpg","thumbnail_width":1200,"thumbnail_height":600,"description":"Roztrou\u0161en\u00e1 skler\u00f3za je chronick\u00e9 z\u00e1n\u011btliv\u00e9 neurologick\u00e9 onemocn\u011bn\u00ed. Postihuje dvakr\u00e1t \u010dast\u011bji \u017eeny ne\u017e mu\u017ee a za\u010d\u00edn\u00e1 v\u011bt\u0161inou mezi 20. a 40. rokem v\u011bku.1 Onemocn\u011bn\u00ed v\u00a0\u00favodn\u00ed f\u00e1zi charakterizuje zejm\u00e9na z\u00e1n\u011bt nervov\u00e9ho syst\u00e9mu, konkr\u00e9tn\u011b mozku a m\u00edchy. Navzdory n\u00e1zvu \u201eskler\u00f3za\u201c ale se zapom\u00edn\u00e1n\u00edm ve st\u00e1\u0159\u00ed nem\u00e1 nic spole\u010dn\u00e9ho. P\u0159esto, \u017ee jde o velmi z\u00e1va\u017enou diagn\u00f3zu, jej\u00ed p\u0159esn\u00e1 p\u0159\u00ed\u010dina st\u00e1le nen\u00ed zn\u00e1ma. Posuny v\u00a0l\u00e9\u010debn\u00fdch mo\u017enostech jsou v\u00a0posledn\u00edch letech velik\u00e9, l\u00e9ka\u0159i maj\u00ed k\u00a0dispozici celou \u0161k\u00e1lu modern\u00edch l\u00e9k\u016f.2 V\u00a0p\u0159\u00edpad\u011b \u010cesk\u00e9 republiky jsou pacienti s\u00a0roztrou\u0161enou skler\u00f3zou (RS) v\u00a0p\u00e9\u010di specializovan\u00fdch neurolog\u016f. Ti p\u016fsob\u00ed v\u00a015 RS centrech, kter\u00e1 se nach\u00e1zej\u00ed nap\u0159\u00edklad v\u00a0Praze, v Olomouci nebo Brn\u011b.3 Kl\u00ed\u010dov\u00fdmi prvky\u00a0v\u00a0p\u00e9\u010di o pacienty jsou v\u010dasn\u00e9 rozpozn\u00e1n\u00ed nemoci a sledov\u00e1n\u00ed jej\u00edho v\u00fdvoje, co\u017e v\u00a0kombinaci s vhodnou medikac\u00ed m\u016f\u017ee v\u00fdrazn\u011b zlep\u0161it kvalitu \u017eivota."}